{"id":867,"date":"2021-08-31T14:48:09","date_gmt":"2021-08-31T13:48:09","guid":{"rendered":"https:\/\/fontmartel.com\/?page_id=867"},"modified":"2023-03-29T11:29:29","modified_gmt":"2023-03-29T10:29:29","slug":"font-martel-en-cevennes-gite-cabane-confort-spacieuses-couple","status":"publish","type":"page","link":"https:\/\/fontmartel.com\/en\/font-martel-en-cevennes-gite-cabane-confort-spacieuses-couple\/","title":{"rendered":"Font Martel en C\u00e9vennes"},"content":{"rendered":"<div data-elementor-type=\"wp-page\" data-elementor-id=\"867\" class=\"elementor elementor-867\">\n\t\t\t\t\t\t<section class=\"elementor-section elementor-top-section elementor-element elementor-element-6c89fff elementor-section-boxed elementor-section-height-default elementor-section-height-default\" data-id=\"6c89fff\" data-element_type=\"section\">\n\t\t\t\t\t\t<div class=\"elementor-container elementor-column-gap-default\">\n\t\t\t\t\t<div class=\"elementor-column elementor-col-100 elementor-top-column elementor-element elementor-element-afd4905\" data-id=\"afd4905\" data-element_type=\"column\">\n\t\t\t<div class=\"elementor-widget-wrap elementor-element-populated\">\n\t\t\t\t\t\t<div class=\"elementor-element elementor-element-201673c e-transform e-transform elementor-arrows-position-inside elementor-pagination-position-outside elementor-widget elementor-widget-image-carousel\" data-id=\"201673c\" data-element_type=\"widget\" data-settings=\"{&quot;slides_to_show&quot;:&quot;1&quot;,&quot;_transform_translateY_effect&quot;:{&quot;unit&quot;:&quot;px&quot;,&quot;size&quot;:13,&quot;sizes&quot;:[]},&quot;_transform_scale_effect&quot;:{&quot;unit&quot;:&quot;px&quot;,&quot;size&quot;:1,&quot;sizes&quot;:[]},&quot;navigation&quot;:&quot;both&quot;,&quot;autoplay&quot;:&quot;yes&quot;,&quot;pause_on_hover&quot;:&quot;yes&quot;,&quot;pause_on_interaction&quot;:&quot;yes&quot;,&quot;autoplay_speed&quot;:5000,&quot;infinite&quot;:&quot;yes&quot;,&quot;effect&quot;:&quot;slide&quot;,&quot;speed&quot;:500,&quot;_transform_translateX_effect&quot;:{&quot;unit&quot;:&quot;px&quot;,&quot;size&quot;:&quot;&quot;,&quot;sizes&quot;:[]},&quot;_transform_translateX_effect_tablet&quot;:{&quot;unit&quot;:&quot;px&quot;,&quot;size&quot;:&quot;&quot;,&quot;sizes&quot;:[]},&quot;_transform_translateX_effect_mobile&quot;:{&quot;unit&quot;:&quot;px&quot;,&quot;size&quot;:&quot;&quot;,&quot;sizes&quot;:[]},&quot;_transform_translateY_effect_tablet&quot;:{&quot;unit&quot;:&quot;px&quot;,&quot;size&quot;:&quot;&quot;,&quot;sizes&quot;:[]},&quot;_transform_translateY_effect_mobile&quot;:{&quot;unit&quot;:&quot;px&quot;,&quot;size&quot;:&quot;&quot;,&quot;sizes&quot;:[]},&quot;_transform_scale_effect_tablet&quot;:{&quot;unit&quot;:&quot;px&quot;,&quot;size&quot;:&quot;&quot;,&quot;sizes&quot;:[]},&quot;_transform_scale_effect_mobile&quot;:{&quot;unit&quot;:&quot;px&quot;,&quot;size&quot;:&quot;&quot;,&quot;sizes&quot;:[]}}\" data-widget_type=\"image-carousel.default\">\n\t\t\t\t<div class=\"elementor-widget-container\">\n\t\t\t\t\t\t\t<div class=\"elementor-image-carousel-wrapper swiper\" role=\"region\" aria-roledescription=\"carousel\" aria-label=\"Carrousel d\u2019images\" dir=\"ltr\">\n\t\t\t<div class=\"elementor-image-carousel swiper-wrapper\" aria-live=\"off\">\n\t\t\t\t\t\t\t\t<div class=\"swiper-slide\" role=\"group\" aria-roledescription=\"slide\" aria-label=\"1 sur 1\"><figure class=\"swiper-slide-inner\"><img decoding=\"async\" class=\"swiper-slide-image\" src=\"https:\/\/fontmartel.com\/wp-content\/uploads\/2023\/03\/IMG_0097_resultat-768x512.jpg\" alt=\"IMG_0097_resultat\" \/><\/figure><\/div>\t\t\t<\/div>\n\t\t\t\t\t<\/div>\n\t\t\t\t\t\t<\/div>\n\t\t\t\t<\/div>\n\t\t\t\t<div class=\"elementor-element elementor-element-422926f elementor-widget elementor-widget-text-editor\" data-id=\"422926f\" data-element_type=\"widget\" data-widget_type=\"text-editor.default\">\n\t\t\t\t<div class=\"elementor-widget-container\">\n\t\t\t\t\t\t\t\t\t<h5><span style=\"color: var( --e-global-color-text )\">&nbsp;Un s\u00e9jour en C\u00e9vennes insolite, en couple, Font Martel vous accueille dans ses cabanes toute&nbsp;<\/span>l&rsquo;ann\u00e9e<span style=\"color: var( --e-global-color-text )\">.&nbsp;<\/span><\/h5>\n<div>\n<p><b>,Au coeur du Parc National des C\u00e9vennes, en Occitanie au Sud Loz\u00e8re, entre Florac(30mns) et Al\u00e9s(1 heure). A proximit\u00e9 du Mont Loz\u00e8re, le Pont de Montvert.<\/b><\/p>\n<p><span style=\"color: var( --e-global-color-text );font-family: var( --e-global-typography-text-font-family ), Sans-serif;font-size: 1rem\"><span style=\"color: var( --e-global-color-text );font-size: 1rem\">Les cabanes insolites &nbsp;de Font Martel en C\u00e9vennes &nbsp;sont&nbsp;<\/span><\/span><span style=\"color: var( --e-global-color-text );font-size: 1rem\">nich\u00e9es sur<\/span><span style=\"color: var( --e-global-color-text );font-family: var( --e-global-typography-text-font-family ), Sans-serif;font-size: 1rem\"><span style=\"color: var( --e-global-color-text );font-size: 1rem\">&nbsp;un parc de 2 hectares. Elles sont entour\u00e9es de&nbsp;<\/span><\/span><span style=\"color: var( --e-global-color-text );font-size: 1rem\">ch\u00e2taigniers, pins et ch\u00eanes dispos\u00e9s en terrasses.&nbsp;<\/span><span style=\"color: var( --e-global-color-text );font-family: var( --e-global-typography-text-font-family ), Sans-serif;font-size: 1rem\"><span style=\"color: var( --e-global-color-text );font-size: 1rem\">Ce lieu d&rsquo;exception, vous attend pour des vacances inoubliables en couple dans des h\u00e9bergements&nbsp;<\/span><\/span><span style=\"color: var( --e-global-color-text );font-size: 1rem\">chaleureux&nbsp;<\/span><span style=\"color: var( --e-global-color-text );font-family: var( --e-global-typography-text-font-family ), Sans-serif;font-size: 1rem\"><span style=\"color: var( --e-global-color-text );font-size: 1rem\">&nbsp;en toute intimit\u00e9.<\/span><\/span><\/p>\n<p><span style=\"color: var( --e-global-color-text );font-family: var( --e-global-typography-text-font-family ), Sans-serif;font-size: 1rem\">Ici r\u00e8gne la douceur de vivre. On ferme une parenth\u00e8se sur son quotidien, et la magie des lieux&nbsp;op\u00e8re.<\/span><br><span style=\"color: var( --e-global-color-text );font-family: var( --e-global-typography-text-font-family ), Sans-serif;font-size: 1rem\">&nbsp;Vivre l&rsquo;instant pr\u00e9sent tout simplement dans un environnement privil\u00e9gi\u00e9, cueillez des instants de bonheur en vous immergent dans&nbsp;notre belle nature, sous notre ciel \u00e9toil\u00e9, se laisser bercer par le souffle du vent dans la foret, et&nbsp;<\/span>le doux chant <a href=\"https:\/\/fontmartel.com\/en\/lpo\/\">des oiseaux<\/a><span style=\"color: var( --e-global-color-text );font-family: var( --e-global-typography-text-font-family ), Sans-serif;font-size: 1rem\">.<br><\/span><\/p>\n<\/div>\n<p>&nbsp;Les C\u00e9vennes sont la promesse &nbsp;de belles randonn\u00e9es o\u00f9 vous pourrez observer une faune et une flore qui continuent \u00e0 se d\u00e9velopper, gr\u00e2ce \u00e0 une gestion intelligente de l&rsquo;activit\u00e9 touristique.<span style=\"color: var( --e-global-color-text );font-size: 1rem\">&nbsp;Les chemins de randonn\u00e9es tout proches GR70, GR67 et&nbsp;<\/span><a style=\"font-size: 1rem\" href=\"https:\/\/www.chemin-stevenson.org\" target=\"_blank\" rel=\"noopener\">l&rsquo;espace Stevenon<\/a><span style=\"color: var( --e-global-color-text );font-size: 1rem\">, vous guideront dans une nature sauvage.&nbsp;<\/span><\/p>\n<p>Tout pr\u00e8s de Font Martel, Le Gardonnet vous rafra\u00eechira aux heures chaudes. Sans oublier la gastronomie C\u00e9venole compos\u00e9e de ch\u00e2taignes, miel, fromage de ch\u00e8vre le Pellardon et oignon doux des C\u00e9vennes qui viendra compl\u00e9ter ce programme de vacances d\u00e9tendues dans un environnement naturel en C\u00e9vennes.<\/p>\n<p>Je vous laisse visiter mon petit coin de paradis&nbsp;<\/p>\n<p>A bient\u00f4t.<\/p>\t\t\t\t\t\t\t\t<\/div>\n\t\t\t\t<\/div>\n\t\t\t\t\t<\/div>\n\t\t<\/div>\n\t\t\t\t\t<\/div>\n\t\t<\/section>\n\t\t\t\t<section class=\"elementor-section elementor-top-section elementor-element elementor-element-47af710 elementor-section-boxed elementor-section-height-default elementor-section-height-default\" data-id=\"47af710\" data-element_type=\"section\">\n\t\t\t\t\t\t<div class=\"elementor-container elementor-column-gap-default\">\n\t\t\t\t\t<div class=\"elementor-column elementor-col-33 elementor-top-column elementor-element elementor-element-83cb079\" data-id=\"83cb079\" data-element_type=\"column\">\n\t\t\t<div class=\"elementor-widget-wrap elementor-element-populated\">\n\t\t\t\t\t\t<div class=\"elementor-element elementor-element-1d69ce4 elementor-widget elementor-widget-heading\" data-id=\"1d69ce4\" data-element_type=\"widget\" data-widget_type=\"heading.default\">\n\t\t\t\t<div class=\"elementor-widget-container\">\n\t\t\t\t\t<h2 class=\"elementor-heading-title elementor-size-default\">The Pelligrine<\/h2>\t\t\t\t<\/div>\n\t\t\t\t<\/div>\n\t\t\t\t<div class=\"elementor-element elementor-element-179aafb elementor-widget elementor-widget-image\" data-id=\"179aafb\" data-element_type=\"widget\" data-widget_type=\"image.default\">\n\t\t\t\t<div class=\"elementor-widget-container\">\n\t\t\t\t\t\t\t\t\t\t\t\t\t\t\t\t<a href=\"https:\/\/fontmartel.com\/en\/la-pelligrine-cabane-climatisee\/\">\n\t\t\t\t\t\t\t<img decoding=\"async\" src=\"https:\/\/fontmartel.com\/wp-content\/uploads\/elementor\/thumbs\/IMG_0675_resultat-qc9frshk7r16427ljfadg7m64uuqs8txnm35umvob4.jpg\" title=\"\" alt=\"Font Martel la pelligrine exterieur\" loading=\"lazy\" \/>\t\t\t\t\t\t\t\t<\/a>\n\t\t\t\t\t\t\t\t\t\t\t\t\t\t\t<\/div>\n\t\t\t\t<\/div>\n\t\t\t\t<div class=\"elementor-element elementor-element-6cbfaa5 elementor-widget elementor-widget-text-editor\" data-id=\"6cbfaa5\" data-element_type=\"widget\" data-widget_type=\"text-editor.default\">\n\t\t\t\t<div class=\"elementor-widget-container\">\n\t\t\t\t\t\t\t\t\t<ul><li><strong>Lit :<\/strong> 160&#215;190 cm<\/li><li><strong>Capacit\u00e9 :<\/strong> 2<\/li><li><strong> Surface :<\/strong> 36m\u00b2<\/li><li><strong>Accessibilit\u00e9 :<\/strong> plein pied<\/li><\/ul>\t\t\t\t\t\t\t\t<\/div>\n\t\t\t\t<\/div>\n\t\t\t\t<div class=\"elementor-element elementor-element-ab5be3a elementor-align-center elementor-widget elementor-widget-button\" data-id=\"ab5be3a\" data-element_type=\"widget\" data-widget_type=\"button.default\">\n\t\t\t\t<div class=\"elementor-widget-container\">\n\t\t\t\t\t\t\t\t\t<div class=\"elementor-button-wrapper\">\n\t\t\t\t\t<a class=\"elementor-button elementor-button-link elementor-size-sm\" href=\"https:\/\/fontmartel.com\/en\/la-pelligrine-cabane-climatisee\/\">\n\t\t\t\t\t\t<span class=\"elementor-button-content-wrapper\">\n\t\t\t\t\t\t\t\t\t<span class=\"elementor-button-text\">D\u00e9tail de la location<\/span>\n\t\t\t\t\t<\/span>\n\t\t\t\t\t<\/a>\n\t\t\t\t<\/div>\n\t\t\t\t\t\t\t\t<\/div>\n\t\t\t\t<\/div>\n\t\t\t\t\t<\/div>\n\t\t<\/div>\n\t\t\t\t<div class=\"elementor-column elementor-col-33 elementor-top-column elementor-element elementor-element-da2b121\" data-id=\"da2b121\" data-element_type=\"column\">\n\t\t\t<div class=\"elementor-widget-wrap elementor-element-populated\">\n\t\t\t\t\t\t<div class=\"elementor-element elementor-element-927c697 elementor-widget elementor-widget-heading\" data-id=\"927c697\" data-element_type=\"widget\" data-widget_type=\"heading.default\">\n\t\t\t\t<div class=\"elementor-widget-container\">\n\t\t\t\t\t<h2 class=\"elementor-heading-title elementor-size-default\">The Stilts<\/h2>\t\t\t\t<\/div>\n\t\t\t\t<\/div>\n\t\t\t\t<div class=\"elementor-element elementor-element-fa0b6c4 elementor-widget elementor-widget-image\" data-id=\"fa0b6c4\" data-element_type=\"widget\" data-widget_type=\"image.default\">\n\t\t\t\t<div class=\"elementor-widget-container\">\n\t\t\t\t\t\t\t\t\t\t\t\t\t\t\t\t<a href=\"https:\/\/fontmartel.com\/en\/la-pilotis\/\">\n\t\t\t\t\t\t\t<img decoding=\"async\" src=\"https:\/\/fontmartel.com\/wp-content\/uploads\/elementor\/thumbs\/IMG_2345-copie_resultat-qc9frmuj2qtg6efsgcum191ekjmji27jmu68yz41cg.jpg\" title=\"la pilotis\" alt=\"Font Martel la pilotis exterieur\" loading=\"lazy\" \/>\t\t\t\t\t\t\t\t<\/a>\n\t\t\t\t\t\t\t\t\t\t\t\t\t\t\t<\/div>\n\t\t\t\t<\/div>\n\t\t\t\t<div class=\"elementor-element elementor-element-1534c0c elementor-widget elementor-widget-text-editor\" data-id=\"1534c0c\" data-element_type=\"widget\" data-widget_type=\"text-editor.default\">\n\t\t\t\t<div class=\"elementor-widget-container\">\n\t\t\t\t\t\t\t\t\t<ul><li><strong>Lit :<\/strong> 140&#215;190 cm<\/li><li><strong>Capacit\u00e9 :<\/strong> 2<\/li><li><strong> Surface :<\/strong> 35m\u00b2<\/li><li><strong>Accessibilit\u00e9 :<\/strong> 2 niveaux<\/li><\/ul>\t\t\t\t\t\t\t\t<\/div>\n\t\t\t\t<\/div>\n\t\t\t\t<div class=\"elementor-element elementor-element-71dbd01 elementor-align-center elementor-widget elementor-widget-button\" data-id=\"71dbd01\" data-element_type=\"widget\" data-widget_type=\"button.default\">\n\t\t\t\t<div class=\"elementor-widget-container\">\n\t\t\t\t\t\t\t\t\t<div class=\"elementor-button-wrapper\">\n\t\t\t\t\t<a class=\"elementor-button elementor-button-link elementor-size-sm\" href=\"https:\/\/fontmartel.com\/en\/la-pilotis\/\">\n\t\t\t\t\t\t<span class=\"elementor-button-content-wrapper\">\n\t\t\t\t\t\t\t\t\t<span class=\"elementor-button-text\">D\u00e9tail de la location<\/span>\n\t\t\t\t\t<\/span>\n\t\t\t\t\t<\/a>\n\t\t\t\t<\/div>\n\t\t\t\t\t\t\t\t<\/div>\n\t\t\t\t<\/div>\n\t\t\t\t\t<\/div>\n\t\t<\/div>\n\t\t\t\t<div class=\"elementor-column elementor-col-33 elementor-top-column elementor-element elementor-element-94a52bc\" data-id=\"94a52bc\" data-element_type=\"column\">\n\t\t\t<div class=\"elementor-widget-wrap elementor-element-populated\">\n\t\t\t\t\t\t<div class=\"elementor-element elementor-element-a900b7e elementor-widget elementor-widget-heading\" data-id=\"a900b7e\" data-element_type=\"widget\" data-widget_type=\"heading.default\">\n\t\t\t\t<div class=\"elementor-widget-container\">\n\t\t\t\t\t<h2 class=\"elementor-heading-title elementor-size-default\">Etoile Filante<\/h2>\t\t\t\t<\/div>\n\t\t\t\t<\/div>\n\t\t\t\t<div class=\"elementor-element elementor-element-3fb02d7 elementor-widget elementor-widget-image\" data-id=\"3fb02d7\" data-element_type=\"widget\" data-widget_type=\"image.default\">\n\t\t\t\t<div class=\"elementor-widget-container\">\n\t\t\t\t\t\t\t\t\t\t\t\t\t\t\t\t<a href=\"https:\/\/fontmartel.com\/en\/etoile-filante\/\">\n\t\t\t\t\t\t\t<img decoding=\"async\" src=\"https:\/\/fontmartel.com\/wp-content\/uploads\/2023\/03\/IMG_1397_resultat.jpg\" title=\"\" alt=\"\" loading=\"lazy\" \/>\t\t\t\t\t\t\t\t<\/a>\n\t\t\t\t\t\t\t\t\t\t\t\t\t\t\t<\/div>\n\t\t\t\t<\/div>\n\t\t\t\t<div class=\"elementor-element elementor-element-33ddd69 elementor-widget elementor-widget-text-editor\" data-id=\"33ddd69\" data-element_type=\"widget\" data-widget_type=\"text-editor.default\">\n\t\t\t\t<div class=\"elementor-widget-container\">\n\t\t\t\t\t\t\t\t\t<p>Un petit observatoire, permet de proposer des soir\u00e9es d\u00e9couvertes du ciel en p\u00e9riode estivale.<br \/><br \/><\/p>\t\t\t\t\t\t\t\t<\/div>\n\t\t\t\t<\/div>\n\t\t\t\t<div class=\"elementor-element elementor-element-e8cd9a4 elementor-align-center elementor-widget elementor-widget-button\" data-id=\"e8cd9a4\" data-element_type=\"widget\" data-widget_type=\"button.default\">\n\t\t\t\t<div class=\"elementor-widget-container\">\n\t\t\t\t\t\t\t\t\t<div class=\"elementor-button-wrapper\">\n\t\t\t\t\t<a class=\"elementor-button elementor-button-link elementor-size-sm\" href=\"https:\/\/fontmartel.com\/en\/etoile-filante\/\">\n\t\t\t\t\t\t<span class=\"elementor-button-content-wrapper\">\n\t\t\t\t\t\t\t\t\t<span class=\"elementor-button-text\">Le ciel en photos<\/span>\n\t\t\t\t\t<\/span>\n\t\t\t\t\t<\/a>\n\t\t\t\t<\/div>\n\t\t\t\t\t\t\t\t<\/div>\n\t\t\t\t<\/div>\n\t\t\t\t\t<\/div>\n\t\t<\/div>\n\t\t\t\t\t<\/div>\n\t\t<\/section>\n\t\t\t\t<section class=\"elementor-section elementor-top-section elementor-element elementor-element-e1087b8 elementor-section-boxed elementor-section-height-default elementor-section-height-default\" data-id=\"e1087b8\" data-element_type=\"section\">\n\t\t\t\t\t\t<div class=\"elementor-container elementor-column-gap-default\">\n\t\t\t\t\t<div class=\"elementor-column elementor-col-100 elementor-top-column elementor-element elementor-element-80191ed\" data-id=\"80191ed\" data-element_type=\"column\">\n\t\t\t<div class=\"elementor-widget-wrap elementor-element-populated\">\n\t\t\t\t\t\t<div class=\"elementor-element elementor-element-af94a79 elementor-widget elementor-widget-heading\" data-id=\"af94a79\" data-element_type=\"widget\" data-widget_type=\"heading.default\">\n\t\t\t\t<div class=\"elementor-widget-container\">\n\t\t\t\t\t<h2 class=\"elementor-heading-title elementor-size-default\">Font Martel au Fil du Temps.<\/h2>\t\t\t\t<\/div>\n\t\t\t\t<\/div>\n\t\t\t\t<div class=\"elementor-element elementor-element-17fe222 elementor-widget elementor-widget-image-gallery\" data-id=\"17fe222\" data-element_type=\"widget\" data-widget_type=\"image-gallery.default\">\n\t\t\t\t<div class=\"elementor-widget-container\">\n\t\t\t\t\t\t\t<div class=\"elementor-image-gallery\">\n\t\t\t<div id='gallery-1' class='gallery galleryid-867 gallery-columns-4 gallery-size-thumbnail'><figure class='gallery-item'>\n\t\t\t<div class='gallery-icon landscape'>\n\t\t\t\t<a data-elementor-open-lightbox=\"yes\" data-elementor-lightbox-slideshow=\"17fe222\" data-elementor-lightbox-title=\"Font-Martel-hameau\" data-e-action-hash=\"#elementor-action%3Aaction%3Dlightbox%26settings%3DeyJpZCI6MTEzOCwidXJsIjoiaHR0cHM6XC9cL2ZvbnRtYXJ0ZWwuY29tXC93cC1jb250ZW50XC91cGxvYWRzXC8yMDIxXC8xMFwvRm9udC1NYXJ0ZWwtaGFtZWF1LmpwZyIsInNsaWRlc2hvdyI6IjE3ZmUyMjIifQ%3D%3D\" href='https:\/\/fontmartel.com\/wp-content\/uploads\/2021\/10\/Font-Martel-hameau.jpg'><img decoding=\"async\" width=\"150\" height=\"150\" src=\"https:\/\/fontmartel.com\/wp-content\/uploads\/2021\/10\/Font-Martel-hameau-150x150.jpg\" class=\"attachment-thumbnail size-thumbnail\" alt=\"Font Martel hameau\" aria-describedby=\"gallery-1-1138\" srcset=\"https:\/\/fontmartel.com\/wp-content\/uploads\/2021\/10\/Font-Martel-hameau-150x150.jpg 150w, https:\/\/fontmartel.com\/wp-content\/uploads\/2021\/10\/Font-Martel-hameau-72x72.jpg 72w\" sizes=\"(max-width: 150px) 85vw, 150px\" \/><\/a>\n\t\t\t<\/div>\n\t\t\t\t<figcaption class='wp-caption-text gallery-caption' id='gallery-1-1138'>\n\t\t\t\tFont Martel hameau\n\t\t\t\t<\/figcaption><\/figure><figure class='gallery-item'>\n\t\t\t<div class='gallery-icon portrait'>\n\t\t\t\t<a data-elementor-open-lightbox=\"yes\" data-elementor-lightbox-slideshow=\"17fe222\" data-elementor-lightbox-title=\"ext\u00e9rieur nature\" data-e-action-hash=\"#elementor-action%3Aaction%3Dlightbox%26settings%3DeyJpZCI6OTMyLCJ1cmwiOiJodHRwczpcL1wvZm9udG1hcnRlbC5jb21cL3dwLWNvbnRlbnRcL3VwbG9hZHNcLzIwMjFcLzEwXC9JTUdfOTIyOF9yZXN1bHRhdC5qcGciLCJzbGlkZXNob3ciOiIxN2ZlMjIyIn0%3D\" href='https:\/\/fontmartel.com\/wp-content\/uploads\/2021\/10\/IMG_9228_resultat.jpg'><img decoding=\"async\" width=\"150\" height=\"150\" src=\"https:\/\/fontmartel.com\/wp-content\/uploads\/2021\/10\/IMG_9228_resultat-150x150.jpg\" class=\"attachment-thumbnail size-thumbnail\" alt=\"Font Martel exterieur merisier\" aria-describedby=\"gallery-1-932\" srcset=\"https:\/\/fontmartel.com\/wp-content\/uploads\/2021\/10\/IMG_9228_resultat-150x150.jpg 150w, https:\/\/fontmartel.com\/wp-content\/uploads\/2021\/10\/IMG_9228_resultat-65x65.jpg 65w, https:\/\/fontmartel.com\/wp-content\/uploads\/2021\/10\/IMG_9228_resultat-75x75.jpg 75w, https:\/\/fontmartel.com\/wp-content\/uploads\/2021\/10\/IMG_9228_resultat-60x60.jpg 60w, https:\/\/fontmartel.com\/wp-content\/uploads\/2021\/10\/IMG_9228_resultat-72x72.jpg 72w\" sizes=\"(max-width: 150px) 85vw, 150px\" \/><\/a>\n\t\t\t<\/div>\n\t\t\t\t<figcaption class='wp-caption-text gallery-caption' id='gallery-1-932'>\n\t\t\t\tcerisier, arbres, foret, parc naturel, \n\t\t\t\t<\/figcaption><\/figure><figure class='gallery-item'>\n\t\t\t<div class='gallery-icon landscape'>\n\t\t\t\t<a data-elementor-open-lightbox=\"yes\" data-elementor-lightbox-slideshow=\"17fe222\" data-elementor-lightbox-title=\"exterieur\" data-e-action-hash=\"#elementor-action%3Aaction%3Dlightbox%26settings%3DeyJpZCI6OTIwLCJ1cmwiOiJodHRwczpcL1wvZm9udG1hcnRlbC5jb21cL3dwLWNvbnRlbnRcL3VwbG9hZHNcLzIwMjFcLzEwXC9CYXJiZWN1ZV9yZXN1bHRhdC5qcGciLCJzbGlkZXNob3ciOiIxN2ZlMjIyIn0%3D\" href='https:\/\/fontmartel.com\/wp-content\/uploads\/2021\/10\/Barbecue_resultat.jpg'><img decoding=\"async\" width=\"150\" height=\"150\" src=\"https:\/\/fontmartel.com\/wp-content\/uploads\/2021\/10\/Barbecue_resultat-150x150.jpg\" class=\"attachment-thumbnail size-thumbnail\" alt=\"Font Martel exterieur barbecue\" aria-describedby=\"gallery-1-920\" srcset=\"https:\/\/fontmartel.com\/wp-content\/uploads\/2021\/10\/Barbecue_resultat-150x150.jpg 150w, https:\/\/fontmartel.com\/wp-content\/uploads\/2021\/10\/Barbecue_resultat-65x65.jpg 65w, https:\/\/fontmartel.com\/wp-content\/uploads\/2021\/10\/Barbecue_resultat-75x75.jpg 75w, https:\/\/fontmartel.com\/wp-content\/uploads\/2021\/10\/Barbecue_resultat-60x60.jpg 60w, https:\/\/fontmartel.com\/wp-content\/uploads\/2021\/10\/Barbecue_resultat-72x72.jpg 72w\" sizes=\"(max-width: 150px) 85vw, 150px\" \/><\/a>\n\t\t\t<\/div>\n\t\t\t\t<figcaption class='wp-caption-text gallery-caption' id='gallery-1-920'>\n\t\t\t\tle coin barbecue\n\t\t\t\t<\/figcaption><\/figure><figure class='gallery-item'>\n\t\t\t<div class='gallery-icon landscape'>\n\t\t\t\t<a data-elementor-open-lightbox=\"yes\" data-elementor-lightbox-slideshow=\"17fe222\" data-elementor-lightbox-title=\"exterieur nature\" data-e-action-hash=\"#elementor-action%3Aaction%3Dlightbox%26settings%3DeyJpZCI6OTY1LCJ1cmwiOiJodHRwczpcL1wvZm9udG1hcnRlbC5jb21cL3dwLWNvbnRlbnRcL3VwbG9hZHNcLzIwMjFcLzEwXC9JTUdfNjM1NF9yZXN1bHRhdC5qcGciLCJzbGlkZXNob3ciOiIxN2ZlMjIyIn0%3D\" href='https:\/\/fontmartel.com\/wp-content\/uploads\/2021\/10\/IMG_6354_resultat.jpg'><img loading=\"lazy\" decoding=\"async\" width=\"150\" height=\"150\" src=\"https:\/\/fontmartel.com\/wp-content\/uploads\/2021\/10\/IMG_6354_resultat-150x150.jpg\" class=\"attachment-thumbnail size-thumbnail\" alt=\"Font Martel exterieur nature\" aria-describedby=\"gallery-1-965\" srcset=\"https:\/\/fontmartel.com\/wp-content\/uploads\/2021\/10\/IMG_6354_resultat-150x150.jpg 150w, https:\/\/fontmartel.com\/wp-content\/uploads\/2021\/10\/IMG_6354_resultat-65x65.jpg 65w, https:\/\/fontmartel.com\/wp-content\/uploads\/2021\/10\/IMG_6354_resultat-75x75.jpg 75w, https:\/\/fontmartel.com\/wp-content\/uploads\/2021\/10\/IMG_6354_resultat-60x60.jpg 60w, https:\/\/fontmartel.com\/wp-content\/uploads\/2021\/10\/IMG_6354_resultat-72x72.jpg 72w\" sizes=\"(max-width: 150px) 85vw, 150px\" \/><\/a>\n\t\t\t<\/div>\n\t\t\t\t<figcaption class='wp-caption-text gallery-caption' id='gallery-1-965'>\n\t\t\t\tLa nature\n\t\t\t\t<\/figcaption><\/figure><figure class='gallery-item'>\n\t\t\t<div class='gallery-icon portrait'>\n\t\t\t\t<a data-elementor-open-lightbox=\"yes\" data-elementor-lightbox-slideshow=\"17fe222\" data-elementor-lightbox-title=\"exterieur saison\" data-e-action-hash=\"#elementor-action%3Aaction%3Dlightbox%26settings%3DeyJpZCI6OTE3LCJ1cmwiOiJodHRwczpcL1wvZm9udG1hcnRlbC5jb21cL3dwLWNvbnRlbnRcL3VwbG9hZHNcLzIwMjFcLzEwXC8yMDE3MDEyNl8xNjQxMjAtY29waWVfcmVzdWx0YXQuanBnIiwic2xpZGVzaG93IjoiMTdmZTIyMiJ9\" href='https:\/\/fontmartel.com\/wp-content\/uploads\/2021\/10\/20170126_164120-copie_resultat.jpg'><img loading=\"lazy\" decoding=\"async\" width=\"150\" height=\"150\" src=\"https:\/\/fontmartel.com\/wp-content\/uploads\/2021\/10\/20170126_164120-copie_resultat-150x150.jpg\" class=\"attachment-thumbnail size-thumbnail\" alt=\"Font Martel exterieur saison\" aria-describedby=\"gallery-1-917\" srcset=\"https:\/\/fontmartel.com\/wp-content\/uploads\/2021\/10\/20170126_164120-copie_resultat-150x150.jpg 150w, https:\/\/fontmartel.com\/wp-content\/uploads\/2021\/10\/20170126_164120-copie_resultat-65x65.jpg 65w, https:\/\/fontmartel.com\/wp-content\/uploads\/2021\/10\/20170126_164120-copie_resultat-75x75.jpg 75w, https:\/\/fontmartel.com\/wp-content\/uploads\/2021\/10\/20170126_164120-copie_resultat-60x60.jpg 60w, https:\/\/fontmartel.com\/wp-content\/uploads\/2021\/10\/20170126_164120-copie_resultat-72x72.jpg 72w\" sizes=\"(max-width: 150px) 85vw, 150px\" \/><\/a>\n\t\t\t<\/div>\n\t\t\t\t<figcaption class='wp-caption-text gallery-caption' id='gallery-1-917'>\n\t\t\t\tle chemin enneige\n\t\t\t\t<\/figcaption><\/figure>\n\t\t<\/div>\n\t\t<\/div>\n\t\t\t\t\t\t<\/div>\n\t\t\t\t<\/div>\n\t\t\t\t\t<\/div>\n\t\t<\/div>\n\t\t\t\t\t<\/div>\n\t\t<\/section>\n\t\t\t\t<\/div>","protected":false},"excerpt":{"rendered":"<p>&nbsp;Un s\u00e9jour en C\u00e9vennes insolite, en couple, Font Martel vous accueille dans ses cabanes toute&nbsp;l&rsquo;ann\u00e9e.&nbsp; ,Au coeur du Parc National des C\u00e9vennes, en Occitanie au Sud Loz\u00e8re, entre Florac(30mns) et Al\u00e9s(1 heure). A proximit\u00e9 du Mont Loz\u00e8re, le Pont de Montvert. Les cabanes insolites &nbsp;de Font Martel en C\u00e9vennes &nbsp;sont&nbsp;nich\u00e9es sur&nbsp;un parc de 2 hectares. &hellip; <a href=\"https:\/\/fontmartel.com\/en\/font-martel-en-cevennes-gite-cabane-confort-spacieuses-couple\/\" class=\"more-link\">Continue reading<span class=\"screen-reader-text\"> \u00ab\u00a0Font Martel en C\u00e9vennes\u00a0\u00bb<\/span><\/a><\/p>","protected":false},"author":2,"featured_media":0,"parent":0,"menu_order":0,"comment_status":"closed","ping_status":"closed","template":"","meta":{"footnotes":""},"class_list":["post-867","page","type-page","status-publish","hentry"],"yoast_head":"<!-- This site is optimized with the Yoast SEO plugin v26.0 - https:\/\/yoast.com\/wordpress\/plugins\/seo\/ -->\n<title>Font Martel en C\u00e9vennes - G\u00eete et Cabanes en C\u00e9vennes<\/title>\n<meta name=\"description\" content=\"Cevennes insolite. Parc nationnal des C\u00e9vennes, cabanes Font Martel grand confort, vue imprenable. S\u00e9jour en couple, se d\u00e9connecter\" \/>\n<meta name=\"robots\" content=\"index, follow, max-snippet:-1, max-image-preview:large, max-video-preview:-1\" \/>\n<link rel=\"canonical\" href=\"https:\/\/fontmartel.com\/en\/font-martel-en-cevennes-gite-cabane-confort-spacieuses-couple\/\" \/>\n<meta property=\"og:locale\" content=\"en_US\" \/>\n<meta property=\"og:type\" content=\"article\" \/>\n<meta property=\"og:title\" content=\"Font Martel en C\u00e9vennes - G\u00eete et Cabanes en C\u00e9vennes\" \/>\n<meta property=\"og:description\" content=\"Cevennes insolite. Parc nationnal des C\u00e9vennes, cabanes Font Martel grand confort, vue imprenable. S\u00e9jour en couple, se d\u00e9connecter\" \/>\n<meta property=\"og:url\" content=\"https:\/\/fontmartel.com\/en\/font-martel-en-cevennes-gite-cabane-confort-spacieuses-couple\/\" \/>\n<meta property=\"og:site_name\" content=\"G\u00eete et Cabanes en C\u00e9vennes - Font Martel\" \/>\n<meta property=\"article:modified_time\" content=\"2023-03-29T10:29:29+00:00\" \/>\n<meta property=\"og:image\" content=\"https:\/\/fontmartel.com\/wp-content\/uploads\/2023\/03\/IMG_0097_resultat-768x512.jpg\" \/>\n<meta name=\"twitter:card\" content=\"summary_large_image\" \/>\n<meta name=\"twitter:label1\" content=\"Est. reading time\" \/>\n\t<meta name=\"twitter:data1\" content=\"4 minutes\" \/>\n<script type=\"application\/ld+json\" class=\"yoast-schema-graph\">{\"@context\":\"https:\/\/schema.org\",\"@graph\":[{\"@type\":\"WebPage\",\"@id\":\"https:\/\/fontmartel.com\/font-martel-en-cevennes-gite-cabane-confort-spacieuses-couple\/\",\"url\":\"https:\/\/fontmartel.com\/font-martel-en-cevennes-gite-cabane-confort-spacieuses-couple\/\",\"name\":\"Font Martel en C\u00e9vennes - G\u00eete et Cabanes en C\u00e9vennes\",\"isPartOf\":{\"@id\":\"https:\/\/fontmartel.com\/#website\"},\"primaryImageOfPage\":{\"@id\":\"https:\/\/fontmartel.com\/font-martel-en-cevennes-gite-cabane-confort-spacieuses-couple\/#primaryimage\"},\"image\":{\"@id\":\"https:\/\/fontmartel.com\/font-martel-en-cevennes-gite-cabane-confort-spacieuses-couple\/#primaryimage\"},\"thumbnailUrl\":\"https:\/\/fontmartel.com\/wp-content\/uploads\/2023\/03\/IMG_0097_resultat-768x512.jpg\",\"datePublished\":\"2021-08-31T13:48:09+00:00\",\"dateModified\":\"2023-03-29T10:29:29+00:00\",\"description\":\"Cevennes insolite. Parc nationnal des C\u00e9vennes, cabanes Font Martel grand confort, vue imprenable. S\u00e9jour en couple, se d\u00e9connecter\",\"breadcrumb\":{\"@id\":\"https:\/\/fontmartel.com\/font-martel-en-cevennes-gite-cabane-confort-spacieuses-couple\/#breadcrumb\"},\"inLanguage\":\"en-US\",\"potentialAction\":[{\"@type\":\"ReadAction\",\"target\":[\"https:\/\/fontmartel.com\/font-martel-en-cevennes-gite-cabane-confort-spacieuses-couple\/\"]}]},{\"@type\":\"ImageObject\",\"inLanguage\":\"en-US\",\"@id\":\"https:\/\/fontmartel.com\/font-martel-en-cevennes-gite-cabane-confort-spacieuses-couple\/#primaryimage\",\"url\":\"https:\/\/fontmartel.com\/wp-content\/uploads\/2023\/03\/IMG_0097_resultat-768x512.jpg\",\"contentUrl\":\"https:\/\/fontmartel.com\/wp-content\/uploads\/2023\/03\/IMG_0097_resultat-768x512.jpg\"},{\"@type\":\"BreadcrumbList\",\"@id\":\"https:\/\/fontmartel.com\/font-martel-en-cevennes-gite-cabane-confort-spacieuses-couple\/#breadcrumb\",\"itemListElement\":[{\"@type\":\"ListItem\",\"position\":1,\"name\":\"Accueil\",\"item\":\"https:\/\/fontmartel.com\/\"},{\"@type\":\"ListItem\",\"position\":2,\"name\":\"Font Martel en C\u00e9vennes\"}]},{\"@type\":\"WebSite\",\"@id\":\"https:\/\/fontmartel.com\/#website\",\"url\":\"https:\/\/fontmartel.com\/\",\"name\":\"G\u00eete et Cabanes en C\u00e9vennes - Font Martel\",\"description\":\"s\u00e9jour insolite en couple dans parc national des C\u00e9vennes\",\"publisher\":{\"@id\":\"https:\/\/fontmartel.com\/#organization\"},\"potentialAction\":[{\"@type\":\"SearchAction\",\"target\":{\"@type\":\"EntryPoint\",\"urlTemplate\":\"https:\/\/fontmartel.com\/?s={search_term_string}\"},\"query-input\":{\"@type\":\"PropertyValueSpecification\",\"valueRequired\":true,\"valueName\":\"search_term_string\"}}],\"inLanguage\":\"en-US\"},{\"@type\":\"Organization\",\"@id\":\"https:\/\/fontmartel.com\/#organization\",\"name\":\"Font Martel\",\"alternateName\":\"Font Martel\",\"url\":\"https:\/\/fontmartel.com\/\",\"logo\":{\"@type\":\"ImageObject\",\"inLanguage\":\"en-US\",\"@id\":\"https:\/\/fontmartel.com\/#\/schema\/logo\/image\/\",\"url\":\"https:\/\/fontmartel.com\/wp-content\/uploads\/2023\/09\/logo-img.png\",\"contentUrl\":\"https:\/\/fontmartel.com\/wp-content\/uploads\/2023\/09\/logo-img.png\",\"width\":87,\"height\":88,\"caption\":\"Font Martel\"},\"image\":{\"@id\":\"https:\/\/fontmartel.com\/#\/schema\/logo\/image\/\"}}]}<\/script>\n<!-- \/ Yoast SEO plugin. -->","yoast_head_json":{"title":"Font Martel en C\u00e9vennes - G\u00eete et Cabanes en C\u00e9vennes","description":"Cevennes insolite. Parc nationnal des C\u00e9vennes, cabanes Font Martel grand confort, vue imprenable. S\u00e9jour en couple, se d\u00e9connecter","robots":{"index":"index","follow":"follow","max-snippet":"max-snippet:-1","max-image-preview":"max-image-preview:large","max-video-preview":"max-video-preview:-1"},"canonical":"https:\/\/fontmartel.com\/en\/font-martel-en-cevennes-gite-cabane-confort-spacieuses-couple\/","og_locale":"en_US","og_type":"article","og_title":"Font Martel en C\u00e9vennes - G\u00eete et Cabanes en C\u00e9vennes","og_description":"Cevennes insolite. Parc nationnal des C\u00e9vennes, cabanes Font Martel grand confort, vue imprenable. S\u00e9jour en couple, se d\u00e9connecter","og_url":"https:\/\/fontmartel.com\/en\/font-martel-en-cevennes-gite-cabane-confort-spacieuses-couple\/","og_site_name":"G\u00eete et Cabanes en C\u00e9vennes - Font Martel","article_modified_time":"2023-03-29T10:29:29+00:00","og_image":[{"url":"https:\/\/fontmartel.com\/wp-content\/uploads\/2023\/03\/IMG_0097_resultat-768x512.jpg","type":"","width":"","height":""}],"twitter_card":"summary_large_image","twitter_misc":{"Est. reading time":"4 minutes"},"schema":{"@context":"https:\/\/schema.org","@graph":[{"@type":"WebPage","@id":"https:\/\/fontmartel.com\/font-martel-en-cevennes-gite-cabane-confort-spacieuses-couple\/","url":"https:\/\/fontmartel.com\/font-martel-en-cevennes-gite-cabane-confort-spacieuses-couple\/","name":"Font Martel en C\u00e9vennes - G\u00eete et Cabanes en C\u00e9vennes","isPartOf":{"@id":"https:\/\/fontmartel.com\/#website"},"primaryImageOfPage":{"@id":"https:\/\/fontmartel.com\/font-martel-en-cevennes-gite-cabane-confort-spacieuses-couple\/#primaryimage"},"image":{"@id":"https:\/\/fontmartel.com\/font-martel-en-cevennes-gite-cabane-confort-spacieuses-couple\/#primaryimage"},"thumbnailUrl":"https:\/\/fontmartel.com\/wp-content\/uploads\/2023\/03\/IMG_0097_resultat-768x512.jpg","datePublished":"2021-08-31T13:48:09+00:00","dateModified":"2023-03-29T10:29:29+00:00","description":"Cevennes insolite. Parc nationnal des C\u00e9vennes, cabanes Font Martel grand confort, vue imprenable. S\u00e9jour en couple, se d\u00e9connecter","breadcrumb":{"@id":"https:\/\/fontmartel.com\/font-martel-en-cevennes-gite-cabane-confort-spacieuses-couple\/#breadcrumb"},"inLanguage":"en-US","potentialAction":[{"@type":"ReadAction","target":["https:\/\/fontmartel.com\/font-martel-en-cevennes-gite-cabane-confort-spacieuses-couple\/"]}]},{"@type":"ImageObject","inLanguage":"en-US","@id":"https:\/\/fontmartel.com\/font-martel-en-cevennes-gite-cabane-confort-spacieuses-couple\/#primaryimage","url":"https:\/\/fontmartel.com\/wp-content\/uploads\/2023\/03\/IMG_0097_resultat-768x512.jpg","contentUrl":"https:\/\/fontmartel.com\/wp-content\/uploads\/2023\/03\/IMG_0097_resultat-768x512.jpg"},{"@type":"BreadcrumbList","@id":"https:\/\/fontmartel.com\/font-martel-en-cevennes-gite-cabane-confort-spacieuses-couple\/#breadcrumb","itemListElement":[{"@type":"ListItem","position":1,"name":"Accueil","item":"https:\/\/fontmartel.com\/"},{"@type":"ListItem","position":2,"name":"Font Martel en C\u00e9vennes"}]},{"@type":"WebSite","@id":"https:\/\/fontmartel.com\/#website","url":"https:\/\/fontmartel.com\/","name":"G\u00eete et Cabanes en C\u00e9vennes - Font Martel","description":"s\u00e9jour insolite en couple dans parc national des C\u00e9vennes","publisher":{"@id":"https:\/\/fontmartel.com\/#organization"},"potentialAction":[{"@type":"SearchAction","target":{"@type":"EntryPoint","urlTemplate":"https:\/\/fontmartel.com\/?s={search_term_string}"},"query-input":{"@type":"PropertyValueSpecification","valueRequired":true,"valueName":"search_term_string"}}],"inLanguage":"en-US"},{"@type":"Organization","@id":"https:\/\/fontmartel.com\/#organization","name":"Font Martel","alternateName":"Font Martel","url":"https:\/\/fontmartel.com\/","logo":{"@type":"ImageObject","inLanguage":"en-US","@id":"https:\/\/fontmartel.com\/#\/schema\/logo\/image\/","url":"https:\/\/fontmartel.com\/wp-content\/uploads\/2023\/09\/logo-img.png","contentUrl":"https:\/\/fontmartel.com\/wp-content\/uploads\/2023\/09\/logo-img.png","width":87,"height":88,"caption":"Font Martel"},"image":{"@id":"https:\/\/fontmartel.com\/#\/schema\/logo\/image\/"}}]}},"_links":{"self":[{"href":"https:\/\/fontmartel.com\/en\/wp-json\/wp\/v2\/pages\/867","targetHints":{"allow":["GET"]}}],"collection":[{"href":"https:\/\/fontmartel.com\/en\/wp-json\/wp\/v2\/pages"}],"about":[{"href":"https:\/\/fontmartel.com\/en\/wp-json\/wp\/v2\/types\/page"}],"author":[{"embeddable":true,"href":"https:\/\/fontmartel.com\/en\/wp-json\/wp\/v2\/users\/2"}],"replies":[{"embeddable":true,"href":"https:\/\/fontmartel.com\/en\/wp-json\/wp\/v2\/comments?post=867"}],"version-history":[{"count":436,"href":"https:\/\/fontmartel.com\/en\/wp-json\/wp\/v2\/pages\/867\/revisions"}],"predecessor-version":[{"id":2830,"href":"https:\/\/fontmartel.com\/en\/wp-json\/wp\/v2\/pages\/867\/revisions\/2830"}],"wp:attachment":[{"href":"https:\/\/fontmartel.com\/en\/wp-json\/wp\/v2\/media?parent=867"}],"curies":[{"name":"wp","href":"https:\/\/api.w.org\/{rel}","templated":true}]}}